{"id":5001,"date":"2025-04-18T15:57:39","date_gmt":"2025-04-18T13:57:39","guid":{"rendered":"https:\/\/www.glomeda.org\/?post_type=tribe_events&#038;p=5001"},"modified":"2025-04-23T16:00:11","modified_gmt":"2025-04-23T14:00:11","slug":"falconara-marittima-an-falkatraz-festival-xviii","status":"publish","type":"tribe_events","link":"https:\/\/www.glomeda.org\/index.php\/event\/falconara-marittima-an-falkatraz-festival-xviii\/","title":{"rendered":"Falconara Marittima (An) &#8211; Falkatraz Festival XVIII"},"content":{"rendered":"<div class=\"xdj266r x11i5rnm xat24cr x1mh8g0r x1vvkbs\">Il\u00a0<span class=\"html-span xexx8yu x4uap5 x18d9i69 xkhd6sd x1hl2dhg x16tdsg8 x1vvkbs x3nfvp2 x1j61x8r x1fcty0u xdj266r xat24cr xgzva0m xhhsvwb xxymvpz xlup9mm x1kky2od\"><img loading=\"lazy\" decoding=\"async\" class=\"xz74otr x168nmei x13lgxp2 x5pf9jr xo71vjh\" src=\"https:\/\/static.xx.fbcdn.net\/images\/emoji.php\/v9\/t6d\/1\/16\/2600.png\" alt=\"\u2600\ufe0f\" width=\"16\" height=\"16\" \/><\/span>25 Aprile 2025 ritorna al\u00a0<span class=\"html-span xexx8yu x4uap5 x18d9i69 xkhd6sd x1hl2dhg x16tdsg8 x1vvkbs x3nfvp2 x1j61x8r x1fcty0u xdj266r xat24cr xgzva0m xhhsvwb xxymvpz xlup9mm x1kky2od\"><img loading=\"lazy\" decoding=\"async\" class=\"xz74otr x168nmei x13lgxp2 x5pf9jr xo71vjh\" src=\"https:\/\/static.xx.fbcdn.net\/images\/emoji.php\/v9\/t6b\/1\/16\/1f333.png\" alt=\"\ud83c\udf33\" width=\"16\" height=\"16\" \/><\/span>Parco Kennedy di\u00a0<span class=\"html-span xexx8yu x4uap5 x18d9i69 xkhd6sd x1hl2dhg x16tdsg8 x1vvkbs x3nfvp2 x1j61x8r x1fcty0u xdj266r xat24cr xgzva0m xhhsvwb xxymvpz xlup9mm x1kky2od\"><img loading=\"lazy\" decoding=\"async\" class=\"xz74otr x168nmei x13lgxp2 x5pf9jr xo71vjh\" src=\"https:\/\/static.xx.fbcdn.net\/images\/emoji.php\/v9\/te\/1\/16\/1f985.png\" alt=\"\ud83e\udd85\" width=\"16\" height=\"16\" \/><\/span>\u00a0Falconara (AN) dalle 14.30 alle 21 il FALKATRAZFESTIVAL, edizione n.18<\/div>\n<div class=\"x11i5rnm xat24cr x1mh8g0r x1vvkbs xtlvy1s\"><span class=\"html-span xexx8yu x4uap5 x18d9i69 xkhd6sd x1hl2dhg x16tdsg8 x1vvkbs x3nfvp2 x1j61x8r x1fcty0u xdj266r xat24cr xgzva0m xhhsvwb xxymvpz xlup9mm x1kky2od\"><img loading=\"lazy\" decoding=\"async\" class=\"xz74otr x168nmei x13lgxp2 x5pf9jr xo71vjh\" src=\"https:\/\/static.xx.fbcdn.net\/images\/emoji.php\/v9\/tb0\/1\/16\/1f3af.png\" alt=\"\ud83c\udfaf\" width=\"16\" height=\"16\" \/><\/span>IL RADUNO IMPERDIBILE DI INIZIO PRIMAVERA DI CULTURA POPOLARE ANTIFA, UN EVENTO POLIVALENTE E INTERGENERAZIONALE, COME SEMPRE UN\u2019ESPLOSIONE DI CONTROCULTURA, ARTE DI STRADA, MUSICA ALTERNATIVA, IMPEGNO SOCIALE, AGGREGAZIONE DAL BASSO, NEL CUORE VERDE DEL PRINCIPALE PARCO CITTADINO\u2026<\/div>\n<div class=\"x11i5rnm xat24cr x1mh8g0r x1vvkbs xtlvy1s\">NELLA FESTA DELLA LIBERAZIONE CI RIPRENDIAMO LA CITTA\u2019\u00a0<span class=\"html-span xexx8yu x4uap5 x18d9i69 xkhd6sd x1hl2dhg x16tdsg8 x1vvkbs x3nfvp2 x1j61x8r x1fcty0u xdj266r xat24cr xgzva0m xhhsvwb xxymvpz xlup9mm x1kky2od\"><img loading=\"lazy\" decoding=\"async\" class=\"xz74otr x168nmei x13lgxp2 x5pf9jr xo71vjh\" src=\"https:\/\/static.xx.fbcdn.net\/images\/emoji.php\/v9\/tb4\/1\/16\/2b50.png\" alt=\"\u2b50\ufe0f\" width=\"16\" height=\"16\" \/><\/span><\/div>\n<div class=\"x11i5rnm xat24cr x1mh8g0r x1vvkbs xtlvy1s\">#25aprile25falkatrazfestival18<\/div>\n<div class=\"x11i5rnm xat24cr x1mh8g0r x1vvkbs xtlvy1s\">Il Festival del 25 aprile \u00e8 un evento indipendente e completamente autogestito da Falkatraz Onlus, con il sostegno in mezzi e strutture da parte del Comune di Falconara Marittima e del CSV Marche , da 18 anni si autofinanzia attraverso il lavoro dei suoi volontari e dei partecipanti all&#8217;evento.<span class=\"html-span xexx8yu x4uap5 x18d9i69 xkhd6sd x1hl2dhg x16tdsg8 x1vvkbs x3nfvp2 x1j61x8r x1fcty0u xdj266r xat24cr xgzva0m xhhsvwb xxymvpz xlup9mm x1kky2od\"><img loading=\"lazy\" decoding=\"async\" class=\"xz74otr x168nmei x13lgxp2 x5pf9jr xo71vjh\" src=\"https:\/\/static.xx.fbcdn.net\/images\/emoji.php\/v9\/t50\/1\/16\/1f525.png\" alt=\"\ud83d\udd25\" width=\"16\" height=\"16\" \/><\/span><\/div>\n<div class=\"x11i5rnm xat24cr x1mh8g0r x1vvkbs xtlvy1s\"><span class=\"html-span xexx8yu x4uap5 x18d9i69 xkhd6sd x1hl2dhg x16tdsg8 x1vvkbs x3nfvp2 x1j61x8r x1fcty0u xdj266r xat24cr xgzva0m xhhsvwb xxymvpz xlup9mm x1kky2od\"><img loading=\"lazy\" decoding=\"async\" class=\"xz74otr x168nmei x13lgxp2 x5pf9jr xo71vjh\" src=\"https:\/\/static.xx.fbcdn.net\/images\/emoji.php\/v9\/tfb\/1\/16\/1f5e3.png\" alt=\"\ud83d\udde3\ufe0f\" width=\"16\" height=\"16\" \/><\/span>PARTECIPA AL CROWDFUNDING SostieniAMO\u00a0<a class=\"x1i10hfl xjbqb8w x1ejq31n xd10rxx x1sy0etr x17r0tee x972fbf xcfux6l x1qhh985 xm0m39n x9f619 x1ypdohk xt0psk2 xe8uvvx xdj266r x11i5rnm xat24cr x1mh8g0r xexx8yu x4uap5 x18d9i69 xkhd6sd x16tdsg8 x1hl2dhg xggy1nq x1a2a7pz xkrqix3 x1sur9pj xzsf02u x1s688f\" tabindex=\"0\" role=\"link\" href=\"https:\/\/www.facebook.com\/hashtag\/fermiamoildisastroambientale?__eep__=6&amp;__cft__[0]=AZWG5gatlxkGoiLQOBFXzrbLWnF6HJrGPBTQiuTn2BJEgSrspWgRj5D3X_KUccb7PFEkocW0dDV3sr6AskW2h-OAp7nP0acTFsKT_WYSltS_q_1I0Q17drPhDBAsF9vS1gYJ9pzLMmihiep3SSNwuJbR&amp;__tn__=q\">#fermiamoildisastroambientale<\/a><br class=\"html-br\" \/><a class=\"x1i10hfl xjbqb8w x1ejq31n xd10rxx x1sy0etr x17r0tee x972fbf xcfux6l x1qhh985 xm0m39n x9f619 x1ypdohk xt0psk2 xe8uvvx xdj266r x11i5rnm xat24cr x1mh8g0r xexx8yu x4uap5 x18d9i69 xkhd6sd x16tdsg8 x1hl2dhg xggy1nq x1a2a7pz xkrqix3 x1sur9pj x1fey0fg x1s688f\" tabindex=\"0\" role=\"link\" href=\"https:\/\/falkatraz.noblogs.org\/fermiamoildisastroambientale\/?fbclid=IwZXh0bgNhZW0CMTAAYnJpZBExNEhwVG5HbDdwZnVnSWxGUgEeY6YnXyDxXSI_TfThEmpk87jVh_PDnuEvE_q-JyJo9neH5PVpjkCJ998wYv4_aem_QQzgfzcfeqGZs3-uGrZ-Ig\" target=\"_blank\" rel=\"nofollow noopener noreferrer\">https:\/\/falkatraz.noblogs.org\/fermiamoildisastroambientale\/<\/a><\/div>\n<div class=\"x11i5rnm xat24cr x1mh8g0r x1vvkbs xtlvy1s\"><\/div>\n<div class=\"x11i5rnm xat24cr x1mh8g0r x1vvkbs xtlvy1s\"><span class=\"html-span xexx8yu x4uap5 x18d9i69 xkhd6sd x1hl2dhg x16tdsg8 x1vvkbs x3nfvp2 x1j61x8r x1fcty0u xdj266r xat24cr xgzva0m xhhsvwb xxymvpz xlup9mm x1kky2od\"><img loading=\"lazy\" decoding=\"async\" class=\"xz74otr x168nmei x13lgxp2 x5pf9jr xo71vjh\" src=\"https:\/\/static.xx.fbcdn.net\/images\/emoji.php\/v9\/t33\/1\/16\/2705.png\" alt=\"\u2705\" width=\"16\" height=\"16\" \/><\/span>\u00a0Dalla prima mattina siamo al parco per i preparativi, siamo tanti ma mai abbastanza, per curiosi e amanti del backstage, venite a dare una mano, pu\u00f2 essere addirittura divertente<\/div>\n<div class=\"x11i5rnm xat24cr x1mh8g0r x1vvkbs xtlvy1s\"><span class=\"html-span xexx8yu x4uap5 x18d9i69 xkhd6sd x1hl2dhg x16tdsg8 x1vvkbs x3nfvp2 x1j61x8r x1fcty0u xdj266r xat24cr xgzva0m xhhsvwb xxymvpz xlup9mm x1kky2od\"><img loading=\"lazy\" decoding=\"async\" class=\"xz74otr x168nmei x13lgxp2 x5pf9jr xo71vjh\" src=\"https:\/\/static.xx.fbcdn.net\/images\/emoji.php\/v9\/t33\/1\/16\/2705.png\" alt=\"\u2705\" width=\"16\" height=\"16\" \/><\/span>\u00a0Pranzo sociale autogestito al parco come sempre, portate quello che vi va da condividere insieme, con il baretto sociale esagonale gi\u00e0 attivo e Radio Falkatraz gi\u00e0 rumorosa<\/div>\n<div class=\"x11i5rnm xat24cr x1mh8g0r x1vvkbs xtlvy1s\"><span class=\"html-span xexx8yu x4uap5 x18d9i69 xkhd6sd x1hl2dhg x16tdsg8 x1vvkbs x3nfvp2 x1j61x8r x1fcty0u xdj266r xat24cr xgzva0m xhhsvwb xxymvpz xlup9mm x1kky2od\"><img loading=\"lazy\" decoding=\"async\" class=\"xz74otr x168nmei x13lgxp2 x5pf9jr xo71vjh\" src=\"https:\/\/static.xx.fbcdn.net\/images\/emoji.php\/v9\/t33\/1\/16\/2705.png\" alt=\"\u2705\" width=\"16\" height=\"16\" \/><\/span>\u00a0Dalle ore 14.30 alle 21 Dj set, a seguire\u00a0<span class=\"html-span xexx8yu x4uap5 x18d9i69 xkhd6sd x1hl2dhg x16tdsg8 x1vvkbs x3nfvp2 x1j61x8r x1fcty0u xdj266r xat24cr xgzva0m xhhsvwb xxymvpz xlup9mm x1kky2od\"><img loading=\"lazy\" decoding=\"async\" class=\"xz74otr x168nmei x13lgxp2 x5pf9jr xo71vjh\" src=\"https:\/\/static.xx.fbcdn.net\/images\/emoji.php\/v9\/t21\/1\/16\/1f3b8.png\" alt=\"\ud83c\udfb8\" width=\"16\" height=\"16\" \/><\/span>concerti live sul MAIN STAGE del parco:<\/div>\n<div class=\"x11i5rnm xat24cr x1mh8g0r x1vvkbs xtlvy1s\">ESSENCE MIRROR SHARDS C.SW.S. MAIS JESTERHEAD R\u00d8V<\/div>\n<div class=\"x11i5rnm xat24cr x1mh8g0r x1vvkbs xtlvy1s\"><span class=\"html-span xexx8yu x4uap5 x18d9i69 xkhd6sd x1hl2dhg x16tdsg8 x1vvkbs x3nfvp2 x1j61x8r x1fcty0u xdj266r xat24cr xgzva0m xhhsvwb xxymvpz xlup9mm x1kky2od\"><img loading=\"lazy\" decoding=\"async\" class=\"xz74otr x168nmei x13lgxp2 x5pf9jr xo71vjh\" src=\"https:\/\/static.xx.fbcdn.net\/images\/emoji.php\/v9\/t33\/1\/16\/2705.png\" alt=\"\u2705\" width=\"16\" height=\"16\" \/><\/span>\u00a0Dalle ore 15 SECOND STAGE sulla rotonda:<\/div>\n<div class=\"x11i5rnm xat24cr x1mh8g0r x1vvkbs xtlvy1s\">-TRUCCABIMBI e animazioni per bambini a cura di Cristy_Art Cristiana Tittarelli, truccatrice specializzata in body painting, belly painting, facepainting, decorazione a mano;<\/div>\n<div class=\"x11i5rnm xat24cr x1mh8g0r x1vvkbs xtlvy1s\">-LABORATORIO DI FALEGNAMERIA DIDATTICA PER BAMBINI a cura di Sara Bardella di Falegnamoteca. Durata laboratorio 1 ora e mezza Disponibilit\u00e0 12 bimbi per gruppo Il laboratorio di falegnameria didattica \u00e8 un momento in cui partendo da una sua idea, il bambino avr\u00e0 la possibilit\u00e0 di immaginare, progettare e realizzare con il legno, un gioco, un oggetto e tutto ci\u00f2 che \u00e8 suggerito dalla sua Fantasia.<br class=\"html-br\" \/>ISCRIVITI QUI\u00a0<a class=\"x1i10hfl xjbqb8w x1ejq31n xd10rxx x1sy0etr x17r0tee x972fbf xcfux6l x1qhh985 xm0m39n x9f619 x1ypdohk xt0psk2 xe8uvvx xdj266r x11i5rnm xat24cr x1mh8g0r xexx8yu x4uap5 x18d9i69 xkhd6sd x16tdsg8 x1hl2dhg xggy1nq x1a2a7pz xkrqix3 x1sur9pj x1fey0fg x1s688f\" tabindex=\"0\" role=\"link\" href=\"https:\/\/falkatraz.noblogs.org\/post\/2025\/03\/31\/1825aprile2025-falkatrazfestival-al-parcokennedy-per-bambini-e-famiglie1\/?fbclid=IwZXh0bgNhZW0CMTAAYnJpZBExNEhwVG5HbDdwZnVnSWxGUgEeKKqgot1md_8D6jArWeTNs5qgPzgjYZCrzyDD2wP6Rxk915OTPpXlKSOZtxc_aem_ezFpnZEeZ4BPMNUigqJRuQ\" target=\"_blank\" rel=\"nofollow noopener noreferrer\">https:\/\/falkatraz.noblogs.org\/&#8230;\/1825aprile2025&#8230;\/<\/a><\/div>\n<div class=\"x11i5rnm xat24cr x1mh8g0r x1vvkbs xtlvy1s\">&#8211;<span class=\"html-span xexx8yu x4uap5 x18d9i69 xkhd6sd x1hl2dhg x16tdsg8 x1vvkbs x3nfvp2 x1j61x8r x1fcty0u xdj266r xat24cr xgzva0m xhhsvwb xxymvpz xlup9mm x1kky2od\"><img loading=\"lazy\" decoding=\"async\" class=\"xz74otr x168nmei x13lgxp2 x5pf9jr xo71vjh\" src=\"https:\/\/static.xx.fbcdn.net\/images\/emoji.php\/v9\/t7e\/1\/16\/1f3a4.png\" alt=\"\ud83c\udfa4\" width=\"16\" height=\"16\" \/><\/span>LiberAzioni, voci talk musica storie di resistenza di ieri e di oggi<\/div>\n<div class=\"x11i5rnm xat24cr x1mh8g0r x1vvkbs xtlvy1s\"><\/div>\n<div class=\"x11i5rnm xat24cr x1mh8g0r x1vvkbs xtlvy1s\"><span class=\"html-span xexx8yu x4uap5 x18d9i69 xkhd6sd x1hl2dhg x16tdsg8 x1vvkbs x3nfvp2 x1j61x8r x1fcty0u xdj266r xat24cr xgzva0m xhhsvwb xxymvpz xlup9mm x1kky2od\"><img loading=\"lazy\" decoding=\"async\" class=\"xz74otr x168nmei x13lgxp2 x5pf9jr xo71vjh\" src=\"https:\/\/static.xx.fbcdn.net\/images\/emoji.php\/v9\/t33\/1\/16\/2705.png\" alt=\"\u2705\" width=\"16\" height=\"16\" \/><\/span>\u00a0Tutto il giorno LA MURATA CHE RESISTE live painting a cura della Jassart<\/div>\n<div class=\"x11i5rnm xat24cr x1mh8g0r x1vvkbs xtlvy1s\"><span class=\"html-span xexx8yu x4uap5 x18d9i69 xkhd6sd x1hl2dhg x16tdsg8 x1vvkbs x3nfvp2 x1j61x8r x1fcty0u xdj266r xat24cr xgzva0m xhhsvwb xxymvpz xlup9mm x1kky2od\"><img loading=\"lazy\" decoding=\"async\" class=\"xz74otr x168nmei x13lgxp2 x5pf9jr xo71vjh\" src=\"https:\/\/static.xx.fbcdn.net\/images\/emoji.php\/v9\/t33\/1\/16\/2705.png\" alt=\"\u2705\" width=\"16\" height=\"16\" \/><\/span>\u00a0<span class=\"html-span xexx8yu x4uap5 x18d9i69 xkhd6sd x1hl2dhg x16tdsg8 x1vvkbs x3nfvp2 x1j61x8r x1fcty0u xdj266r xat24cr xgzva0m xhhsvwb xxymvpz xlup9mm x1kky2od\"><img loading=\"lazy\" decoding=\"async\" class=\"xz74otr x168nmei x13lgxp2 x5pf9jr xo71vjh\" src=\"https:\/\/static.xx.fbcdn.net\/images\/emoji.php\/v9\/t69\/1\/16\/1f331.png\" alt=\"\ud83c\udf31\" width=\"16\" height=\"16\" \/><\/span>Dalle ora 15 la via selvatica: ConosciAMO le erbe spontanee, una passeggiata di conoscenza delle erbe spontanee, amiche resilienti davvero uniche. Consigliata la prenotazione al numero 347-7529732.<\/div>\n<div class=\"x11i5rnm xat24cr x1mh8g0r x1vvkbs xtlvy1s\"><\/div>\n<div class=\"x11i5rnm xat24cr x1mh8g0r x1vvkbs xtlvy1s\"><span class=\"html-span xexx8yu x4uap5 x18d9i69 xkhd6sd x1hl2dhg x16tdsg8 x1vvkbs x3nfvp2 x1j61x8r x1fcty0u xdj266r xat24cr xgzva0m xhhsvwb xxymvpz xlup9mm x1kky2od\"><img loading=\"lazy\" decoding=\"async\" class=\"xz74otr x168nmei x13lgxp2 x5pf9jr xo71vjh\" src=\"https:\/\/static.xx.fbcdn.net\/images\/emoji.php\/v9\/t33\/1\/16\/2705.png\" alt=\"\u2705\" width=\"16\" height=\"16\" \/><\/span>\u00a0Mercatino di autoproduzioni artigianali, spazi espositivi, baretto sociale, banchetti informativi and more\u2026<br class=\"html-br\" \/>COME PARTECIPARE\u00a0<a class=\"x1i10hfl xjbqb8w x1ejq31n xd10rxx x1sy0etr x17r0tee x972fbf xcfux6l x1qhh985 xm0m39n x9f619 x1ypdohk xt0psk2 xe8uvvx xdj266r x11i5rnm xat24cr x1mh8g0r xexx8yu x4uap5 x18d9i69 xkhd6sd x16tdsg8 x1hl2dhg xggy1nq x1a2a7pz xkrqix3 x1sur9pj x1fey0fg x1s688f\" tabindex=\"0\" role=\"link\" href=\"https:\/\/l.facebook.com\/l.php?u=https%3A%2F%2Ffalkatraz.noblogs.org%2Fpost%2F2025%2F03%2F27%2Fmercatino-artigianale-e-spazi-espositivi-1825aprile2025-falkatrazfestival-al-parcokennedy%2F%3Ffbclid%3DIwZXh0bgNhZW0CMTAAYnJpZBExNEhwVG5HbDdwZnVnSWxGUgEewx_Y6vpM3a8VBmC0h6zgMPdXyaLfpAkGHOzKvo-gL9E1j-K9Rihutr1TZDs_aem_iucIi0P4Z9XyIA1_isFFoA&amp;h=AT30-r2gwp3m_WFnEAyDyad_0TMljji65VLnDgrT5XdOgfLbt1ZEZ_0-WZsXsXwuBcJZw-kSGztUTNF4LCYZoT5b7ilrRHa2LV6rxMlSLMNp0r42ZM-_5Yp-k0kfPQEp558F&amp;__tn__=q&amp;c[0]=AT2Doxmwtzxs73xbLIuZNAs4sxFfQqTPDIhhw3tQ4doVPB_61l5ah1qL4DKrqCAsr03wBCBmwUb3gtaqQAb4LytMt9H4Ogm01EcSm4gG2AtgvUczgKbqYvWKWM1EAnOrPdTF5rL0M1_JKafRlWqdtuKjg4X867ZiY75BzQ\" target=\"_blank\" rel=\"nofollow noopener noreferrer\">https:\/\/falkatraz.noblogs.org\/&#8230;\/mercatino-artigianale&#8230;\/<\/a><\/div>\n<div class=\"x11i5rnm xat24cr x1mh8g0r x1vvkbs xtlvy1s\">I 18 anni di storia del nostro festival, dall&#8217;incontro nel 2008 tra i giovani resistenti di oggi e i vecchi partigiani della Provincia di Ancona, nasce e continua a crescere questo inedito e particolare evento di cultura popolare antifascista, edizione dopo edizione<br class=\"html-br\" \/>Per la Diciottesima vogliamo tornare alle radici dei primi anni dando spazio, voce ed espressione al territorio e chi lo vive, a partire dalle nuove generazioni resistenti che entrano come parte attiva nella crew dell\u2019evento.<\/div>\n<div class=\"x11i5rnm xat24cr x1mh8g0r x1vvkbs xtlvy1s\">In questi anni dove progressivamente la guerra \u00e8 tornata l\u2019orizzonte presente del nostro quotidiano, a compimento della costante erosione e svuotamento dei fatti e dello spirito di 80 anni fa, le pratiche e i valori della resistenza partigiana ci insegnano come anche nella pi\u00f9 buia delle crisi la situazione pu\u00f2 essere sovvertita in imprevedibili opportunit\u00e0<\/div>\n<div class=\"x11i5rnm xat24cr x1mh8g0r x1vvkbs xtlvy1s\">DISERTARE LA GUERRA, RIA(R)MARE LE LOTTE<\/div>\n<div class=\"x11i5rnm xat24cr x1mh8g0r x1vvkbs xtlvy1s\">IDEATO da FALKATRAZONLUS, insieme a Collettivo Metropolis, Jassart, Centri sociali delle Marche e il contributo di CSV Marche e del Comune di Falconara Marittima<\/div>\n<div class=\"x11i5rnm xat24cr x1mh8g0r x1vvkbs xtlvy1s\">In memoria di Gianfranco Pistola<br class=\"html-br\" \/><a class=\"x1i10hfl xjbqb8w x1ejq31n xd10rxx x1sy0etr x17r0tee x972fbf xcfux6l x1qhh985 xm0m39n x9f619 x1ypdohk xt0psk2 xe8uvvx xdj266r x11i5rnm xat24cr x1mh8g0r xexx8yu x4uap5 x18d9i69 xkhd6sd x16tdsg8 x1hl2dhg xggy1nq x1a2a7pz xkrqix3 x1sur9pj x1fey0fg x1s688f\" tabindex=\"0\" role=\"link\" href=\"https:\/\/www.globalproject.info\/it\/in_movimento\/gianfranco-pistola-un-uomo-del-presente\/7796?fbclid=IwZXh0bgNhZW0CMTAAYnJpZBExNEhwVG5HbDdwZnVnSWxGUgEeKKqgot1md_8D6jArWeTNs5qgPzgjYZCrzyDD2wP6Rxk915OTPpXlKSOZtxc_aem_ezFpnZEeZ4BPMNUigqJRuQ\" target=\"_blank\" rel=\"nofollow noopener noreferrer\">https:\/\/www.globalproject.info\/&#8230;\/gianfranco&#8230;\/7796<\/a><\/div>\n<div class=\"x11i5rnm xat24cr x1mh8g0r x1vvkbs xtlvy1s\"><\/div>\n<div class=\"x11i5rnm xat24cr x1mh8g0r x1vvkbs xtlvy1s\">CAUSA MALTEMPO L&#8217;EVENTO VERRA&#8217; CONFERMATO NEGLI AMPI LOCALI INTERNI ED ESTERNI DELLA ZONA GALLERIA VICINI AL PARCO KENNEDY, DANDO ADEGUATA COMUNICAZIONE NELLA GIORNATA PRECEDENTE<\/div>\n<div class=\"x11i5rnm xat24cr x1mh8g0r x1vvkbs xtlvy1s\">info e aggiornamenti qui:\u00a0<a class=\"x1i10hfl xjbqb8w x1ejq31n xd10rxx x1sy0etr x17r0tee x972fbf xcfux6l x1qhh985 xm0m39n x9f619 x1ypdohk xt0psk2 xe8uvvx xdj266r x11i5rnm xat24cr x1mh8g0r xexx8yu x4uap5 x18d9i69 xkhd6sd x16tdsg8 x1hl2dhg xggy1nq x1a2a7pz xkrqix3 x1sur9pj x1fey0fg x1s688f\" tabindex=\"0\" role=\"link\" href=\"https:\/\/l.facebook.com\/l.php?u=https%3A%2F%2Ffalkatraz.noblogs.org%2Fpost%2F2025%2F04%2F06%2F25aprile25falkatrazfestival18-il-programma-completo%2F%3Ffbclid%3DIwZXh0bgNhZW0CMTAAYnJpZBExNEhwVG5HbDdwZnVnSWxGUgEeEjcclaFdjv6TNbC9-MsMfm0kPh7cLD_se3m9nTD5QOgm1Tg5klCY74hwCtk_aem_O20ZxDcanLNqF5XX2nEGlg%23more-3715&amp;h=AT0q2iL9eb9_H8qI4ieAu5PXPajK6NDVyqR_oR5x3vbTGEhgXRsmYbpaC1ZyqIseCspo5SUPwaHFIhY5a0_M9NFNInhWS7RT0RjYdB3mWTMqPxa-83cEb8WonLTY6ONU1Km_&amp;__tn__=q&amp;c[0]=AT2Doxmwtzxs73xbLIuZNAs4sxFfQqTPDIhhw3tQ4doVPB_61l5ah1qL4DKrqCAsr03wBCBmwUb3gtaqQAb4LytMt9H4Ogm01EcSm4gG2AtgvUczgKbqYvWKWM1EAnOrPdTF5rL0M1_JKafRlWqdtuKjg4X867ZiY75BzQ\" target=\"_blank\" rel=\"nofollow noopener noreferrer\">https:\/\/falkatraz.noblogs.org\/&#8230;\/25aprile25falkatraz&#8230;\/&#8230;<\/a><\/div>\n<div class=\"x11i5rnm xat24cr x1mh8g0r x1vvkbs xtlvy1s\"><a class=\"x1i10hfl xjbqb8w x1ejq31n xd10rxx x1sy0etr x17r0tee x972fbf xcfux6l x1qhh985 xm0m39n x9f619 x1ypdohk xt0psk2 xe8uvvx xdj266r x11i5rnm xat24cr x1mh8g0r xexx8yu x4uap5 x18d9i69 xkhd6sd x16tdsg8 x1hl2dhg xggy1nq x1a2a7pz xkrqix3 x1sur9pj xzsf02u x1s688f\" tabindex=\"0\" role=\"link\" href=\"https:\/\/www.facebook.com\/hashtag\/25aprile25falkatrazfestival18?__eep__=6&amp;__cft__[0]=AZWG5gatlxkGoiLQOBFXzrbLWnF6HJrGPBTQiuTn2BJEgSrspWgRj5D3X_KUccb7PFEkocW0dDV3sr6AskW2h-OAp7nP0acTFsKT_WYSltS_q_1I0Q17drPhDBAsF9vS1gYJ9pzLMmihiep3SSNwuJbR&amp;__tn__=q\">#25aprile25falkatrazfestival18<\/a><\/div>\n","protected":false},"excerpt":{"rendered":"<p>Il\u00a025 Aprile 2025 ritorna al\u00a0Parco Kennedy di\u00a0\u00a0Falconara (AN) dalle 14.30 alle 21 il FALKATRAZFESTIVAL, edizione n.18 IL RADUNO IMPERDIBILE DI<\/p>\n","protected":false},"author":1,"featured_media":5002,"template":"","meta":{"colormag_page_container_layout":"default_layout","colormag_page_sidebar_layout":"default_layout","h5ap_radio_sources":[],"_tribe_events_status":"","_tribe_events_status_reason":"","footnotes":""},"tags":[],"tribe_events_cat":[],"class_list":["post-5001","tribe_events","type-tribe_events","status-publish","has-post-thumbnail","hentry"],"_links":{"self":[{"href":"https:\/\/www.glomeda.org\/index.php\/wp-json\/wp\/v2\/tribe_events\/5001","targetHints":{"allow":["GET"]}}],"collection":[{"href":"https:\/\/www.glomeda.org\/index.php\/wp-json\/wp\/v2\/tribe_events"}],"about":[{"href":"https:\/\/www.glomeda.org\/index.php\/wp-json\/wp\/v2\/types\/tribe_events"}],"author":[{"embeddable":true,"href":"https:\/\/www.glomeda.org\/index.php\/wp-json\/wp\/v2\/users\/1"}],"version-history":[{"count":1,"href":"https:\/\/www.glomeda.org\/index.php\/wp-json\/wp\/v2\/tribe_events\/5001\/revisions"}],"predecessor-version":[{"id":5003,"href":"https:\/\/www.glomeda.org\/index.php\/wp-json\/wp\/v2\/tribe_events\/5001\/revisions\/5003"}],"wp:featuredmedia":[{"embeddable":true,"href":"https:\/\/www.glomeda.org\/index.php\/wp-json\/wp\/v2\/media\/5002"}],"wp:attachment":[{"href":"https:\/\/www.glomeda.org\/index.php\/wp-json\/wp\/v2\/media?parent=5001"}],"wp:term":[{"taxonomy":"post_tag","embeddable":true,"href":"https:\/\/www.glomeda.org\/index.php\/wp-json\/wp\/v2\/tags?post=5001"},{"taxonomy":"tribe_events_cat","embeddable":true,"href":"https:\/\/www.glomeda.org\/index.php\/wp-json\/wp\/v2\/tribe_events_cat?post=5001"}],"curies":[{"name":"wp","href":"https:\/\/api.w.org\/{rel}","templated":true}]}}