{"id":4630,"date":"2025-01-29T12:45:19","date_gmt":"2025-01-29T11:45:19","guid":{"rendered":"https:\/\/www.glomeda.org\/?post_type=tribe_events&#038;p=4630"},"modified":"2025-01-29T12:45:19","modified_gmt":"2025-01-29T11:45:19","slug":"sassoferrato-an-ackapawatrek-letterario-la-montagna-non-si-arrende","status":"publish","type":"tribe_events","link":"https:\/\/www.glomeda.org\/index.php\/event\/sassoferrato-an-ackapawatrek-letterario-la-montagna-non-si-arrende\/","title":{"rendered":"Sassoferrato (An) &#8211; AckapawaTrek Letterario \/ La montagna non si arrende"},"content":{"rendered":"<p>AckapawaTrek Letterario:<\/p>\n<p>&nbsp;<\/p>\n<p>\ud835\udddf\ud835\uddee \ud835\uddfa\ud835\uddfc\ud835\uddfb\ud835\ude01\ud835\uddee\ud835\uddf4\ud835\uddfb\ud835\uddee \ud835\uddfb\ud835\uddfc\ud835\uddfb \ud835\ude00\ud835\uddf6 \ud835\uddee\ud835\uddff\ud835\uddff\ud835\uddf2\ud835\uddfb\ud835\uddf1\ud835\uddf2!<\/p>\n<p>_________________________<\/p>\n<p>&nbsp;<\/p>\n<p>Ad una manciata di metri dal confine umbro, nel comune di Sassoferrato, si innalza una montagna tanto meravigliosa quanto unica, Il Monte Strega. Questa vetta offre un\u2019incredibile balcone naturale senza fine, ad ogni passo si scoprir\u00e0 l\u2019incanto di un territorio ancora poco antropizzato con un fascino quasi primordiale.<\/p>\n<p>&nbsp;<\/p>\n<p>\u201c\ud835\udc41\ud835\udc5c\ud835\udc56 \ud835\udc4e\ud835\udc4f\ud835\udc62\ud835\udc60\ud835\udc56\ud835\udc4e\ud835\udc5a\ud835\udc5c \ud835\udc51\ud835\udc52\ud835\udc59\ud835\udc59\ud835\udc4e \ud835\udc61\ud835\udc52\ud835\udc5f\ud835\udc5f\ud835\udc4e \ud835\udc5d\ud835\udc52\ud835\udc5f\ud835\udc50\u210e\ud835\udc52\u0301 \ud835\udc59\ud835\udc4e \ud835\udc50\ud835\udc5c\ud835\udc5b\ud835\udc60\ud835\udc56\ud835\udc51\ud835\udc52\ud835\udc5f\ud835\udc56\ud835\udc4e\ud835\udc5a\ud835\udc5c \ud835\udc50\ud835\udc5c\ud835\udc5a\ud835\udc52 \ud835\udc62\ud835\udc5b\ud835\udc4e \ud835\udc5a\ud835\udc52\ud835\udc5f\ud835\udc50\ud835\udc52 \ud835\udc50\u210e\ud835\udc52 \ud835\udc50\ud835\udc56 \ud835\udc4e\ud835\udc5d\ud835\udc5d\ud835\udc4e\ud835\udc5f\ud835\udc61\ud835\udc56\ud835\udc52\ud835\udc5b\ud835\udc52. \ud835\udc38\u0300 \ud835\udc60\ud835\udc5c\ud835\udc59\ud835\udc5c \ud835\udc5e\ud835\udc62\ud835\udc4e\ud835\udc5b\ud835\udc51\ud835\udc5c \ud835\udc63\ud835\udc52\ud835\udc51\ud835\udc56\ud835\udc4e\ud835\udc5a\ud835\udc5c \ud835\udc59\ud835\udc4e \ud835\udc61\ud835\udc52\ud835\udc5f\ud835\udc5f\ud835\udc4e \ud835\udc50\ud835\udc5c\ud835\udc5a\ud835\udc52 \ud835\udc62\ud835\udc5b\ud835\udc4e \ud835\udc50\ud835\udc5c\ud835\udc5a\ud835\udc62\ud835\udc5b\ud835\udc56\ud835\udc61\ud835\udc4e\u0300 \ud835\udc4e \ud835\udc50\ud835\udc62\ud835\udc56 \ud835\udc4e\ud835\udc5d\ud835\udc5d\ud835\udc4e\ud835\udc5f\ud835\udc61\ud835\udc52\ud835\udc5b\ud835\udc52\ud835\udc5f\ud835\udc52, \ud835\udc50\u210e\ud835\udc52 \ud835\udc56\ud835\udc5b\ud835\udc56\ud835\udc67\ud835\udc56\ud835\udc4e\ud835\udc5a\ud835\udc5c \ud835\udc4e \ud835\udc61\ud835\udc5f\ud835\udc4e\ud835\udc61\ud835\udc61\ud835\udc4e\ud835\udc5f\ud835\udc59\ud835\udc4e \ud835\udc50\ud835\udc5c\ud835\udc5b \ud835\udc4e\ud835\udc5a\ud835\udc5c\ud835\udc5f\ud835\udc52 \ud835\udc52 \ud835\udc5f\ud835\udc56\ud835\udc60\ud835\udc5d\ud835\udc52\ud835\udc61\ud835\udc61\ud835\udc5c\u201d<\/p>\n<p>&nbsp;<\/p>\n<p>Cos\u00ec scriveva Aldo Leopold nel suo &#8220;Pensare come una montagna&#8221;:<\/p>\n<p>&nbsp;<\/p>\n<p>Lungo la salita al Monte Strega e sulla sua cima le parole di Leopold si faranno tangibili. Il contrasto sar\u00e0 evidente tra il silenzio di luogo ancora selvaggio e i boati delle vicine aree interessate da imminenti e spaventosi impianti eolici, tra la quiete di una zona incontaminata e i tuoni di monoculture turistiche che si diffondono poco distanti.<\/p>\n<p>Si cammina per conoscere, si conosce per amare, si ama per difendere.<\/p>\n<p>&nbsp;<\/p>\n<p>L&#8217;escursione si svolger\u00e0 In occasione della giornata di mobilitazione diffusa in montagna promossa dal collettivo APE (Associazione proletari escursionisti) contro i giochi invernali di Milano \u2013 Cortina 2026&#8243;<\/p>\n<p>&nbsp;<\/p>\n<p>Per info: https:\/\/ape-alveare.it\/la-montagna-non-si-arrende\/<\/p>\n<p>_________________________<\/p>\n<p>&nbsp;<\/p>\n<p>Al termine dell\u2019escursione, per chi vorr\u00e0, ci sar\u00e0 la possibilit\u00e0 di pranzare al ristorante \u201cLa collina di Biducci\u201d a Montelago.<\/p>\n<p>&nbsp;<\/p>\n<p>Men\u00f9 fisso a 25 euro: Tagliatelle al rag\u00f9, grigliata, contorni, acqua, vino, caff\u00e8 e dolcetti<\/p>\n<p>(alternativa vegetariana su richiesta)<\/p>\n<p>_________________________<\/p>\n<p>&nbsp;<\/p>\n<p>Info e prenotazioni:<\/p>\n<p>\ud835\udc0c\ud835\udc1a\ud835\udc2d\ud835\udc2d\ud835\udc22\ud835\udc1a &#8211; \ud835\udfd1\ud835\udfd1\ud835\udfd6 \ud835\udfd4\ud835\udfd3\ud835\udfce\ud835\udfd1\ud835\udfce\ud835\udfd0\ud835\udfd2<\/p>\n<p>&nbsp;<\/p>\n<p>Programma e dati tecnici:<\/p>\n<p>&nbsp;<\/p>\n<p>RITROVO:<\/p>\n<p>ore 8.00 al TNT (Via Gallodoro 68\/ter, Jesi)<\/p>\n<p>ore 9.00 parcheggio &#8220;Parco dei Daini&#8221;, Montelago (frazione di Sassoferrato)<\/p>\n<p>&nbsp;<\/p>\n<p>Itinerario: anello<\/p>\n<p>Lunghezza: 7 Km<\/p>\n<p>Dislivello: +340 m Montelago (Fraz. Di Sassoferrato)<\/p>\n<p>Difficolt\u00e0: T\\E (medio)<\/p>\n<p>Durata: 4h<\/p>\n<p>(Inizio escursione ore 9:15 \/ Fine escursione ore 13:15 )<\/p>\n<p>Equipaggiamento:<\/p>\n<p>Scarpe\\scarponcini da trekking, pantaloni lunghi, sopra vestiti a pi\u00f9 strati, giacca antivento, K-way, snack, 1,5 Lt d\u2019acqua, ricambio da lasciare in auto.<\/p>\n","protected":false},"excerpt":{"rendered":"<p>AckapawaTrek Letterario: &nbsp; \ud835\udddf\ud835\uddee \ud835\uddfa\ud835\uddfc\ud835\uddfb\ud835\ude01\ud835\uddee\ud835\uddf4\ud835\uddfb\ud835\uddee \ud835\uddfb\ud835\uddfc\ud835\uddfb \ud835\ude00\ud835\uddf6 \ud835\uddee\ud835\uddff\ud835\uddff\ud835\uddf2\ud835\uddfb\ud835\uddf1\ud835\uddf2! _________________________ &nbsp; Ad una manciata di metri dal confine umbro, nel comune<\/p>\n","protected":false},"author":1,"featured_media":4632,"template":"","meta":{"colormag_page_container_layout":"default_layout","colormag_page_sidebar_layout":"default_layout","h5ap_radio_sources":[],"_tribe_events_status":"","_tribe_events_status_reason":"","footnotes":""},"tags":[],"tribe_events_cat":[],"class_list":["post-4630","tribe_events","type-tribe_events","status-publish","has-post-thumbnail","hentry"],"_links":{"self":[{"href":"https:\/\/www.glomeda.org\/index.php\/wp-json\/wp\/v2\/tribe_events\/4630","targetHints":{"allow":["GET"]}}],"collection":[{"href":"https:\/\/www.glomeda.org\/index.php\/wp-json\/wp\/v2\/tribe_events"}],"about":[{"href":"https:\/\/www.glomeda.org\/index.php\/wp-json\/wp\/v2\/types\/tribe_events"}],"author":[{"embeddable":true,"href":"https:\/\/www.glomeda.org\/index.php\/wp-json\/wp\/v2\/users\/1"}],"version-history":[{"count":1,"href":"https:\/\/www.glomeda.org\/index.php\/wp-json\/wp\/v2\/tribe_events\/4630\/revisions"}],"predecessor-version":[{"id":4631,"href":"https:\/\/www.glomeda.org\/index.php\/wp-json\/wp\/v2\/tribe_events\/4630\/revisions\/4631"}],"wp:featuredmedia":[{"embeddable":true,"href":"https:\/\/www.glomeda.org\/index.php\/wp-json\/wp\/v2\/media\/4632"}],"wp:attachment":[{"href":"https:\/\/www.glomeda.org\/index.php\/wp-json\/wp\/v2\/media?parent=4630"}],"wp:term":[{"taxonomy":"post_tag","embeddable":true,"href":"https:\/\/www.glomeda.org\/index.php\/wp-json\/wp\/v2\/tags?post=4630"},{"taxonomy":"tribe_events_cat","embeddable":true,"href":"https:\/\/www.glomeda.org\/index.php\/wp-json\/wp\/v2\/tribe_events_cat?post=4630"}],"curies":[{"name":"wp","href":"https:\/\/api.w.org\/{rel}","templated":true}]}}